{"id":1846,"date":"2023-10-24T11:54:42","date_gmt":"2023-10-24T11:54:42","guid":{"rendered":"https:\/\/lcpark.com\/lisboa-central-park-hotel-suites-studios\/"},"modified":"2025-03-20T19:05:08","modified_gmt":"2025-03-20T19:05:08","slug":"lisboa-central-park-hotel-suites-studios","status":"publish","type":"page","link":"https:\/\/lcpark.com\/pt-pt\/","title":{"rendered":"Lisboa Central Park Hotel Suites &amp; Studios"},"content":{"rendered":"<section class=\"l-section wpb_row height_auto full_height valign_bottom width_full with_video\"><div id=\"us_bg_video_wd13\" class=\"l-section-video\"><script id=\"us_bg_video_wd13-script\">!function(w){var node = document.getElementById( 'us_bg_video_wd13' );if ( w.innerWidth <= 180 ) { node.remove() }}(window);<\/script><style>@media(max-width:180px){#us_bg_video_wd13{display:none!important}}<\/style><video  autoplay loop muted playsinline preload=\"auto\" tabindex=\"-1\"><source type=\"video\/mp4\" src=\"https:\/\/lcpark.com\/wp-content\/uploads\/2024\/06\/Lisboa-Central-Park-Video.mp4\" \/><\/video><\/div><div class=\"l-section-overlay\" style=\"background:rgba(0,0,0,0.3)\"><\/div><div class=\"l-section-h i-cf\"><div class=\"g-cols vc_row via_grid cols_1 laptops-cols_inherit tablets-cols_inherit mobiles-cols_1 valign_middle type_default stacking_default\"><div class=\"wpb_column vc_column_container\"><div class=\"vc_column-inner\"><div class=\"w-image us_custom_b17f5b61 hide_on_tablets hide_on_mobiles align_center\"><div class=\"w-image-h\"><img decoding=\"async\" width=\"120\" height=\"120\" src=\"https:\/\/lcpark.com\/wp-content\/uploads\/2023\/10\/Lisboa-Central-Park-Icon-Transparent.webp\" class=\"attachment-full size-full\" alt=\"\" loading=\"lazy\" \/><\/div><\/div><div class=\"w-iconbox us_custom_f44d8903 hide_on_tablets hide_on_mobiles iconpos_top style_default color_custom align_center no_text no_title\"><div class=\"w-iconbox-icon\" style=\"font-size:calc( 1rem + 1vmax);--icon-color:#D9C39A;\"><i class=\"fal fa-long-arrow-down\"><\/i><\/div><div class=\"w-iconbox-meta\"><\/div><\/div><div class=\"w-tabs us_custom_573014e3 has_text_color style_default switch_click accordion has_scrolling\" style=\"--sections-title-size:inherit\"><div class=\"w-tabs-sections titles-align_none icon_plus cpos_left\"><div class=\"w-tabs-section has_text_color\" id=\"ndea\" style=\"color:#D9C39A;\"><button class=\"w-tabs-section-header\" aria-controls=\"content-ndea\" aria-expanded=\"false\"><div class=\"w-tabs-section-title\">Vantagens Exclusivas Book Direct<\/div><div class=\"w-tabs-section-control\"><\/div><\/button><div  class=\"w-tabs-section-content us_custom_e9fd2ce4\" id=\"content-ndea\"><div class=\"w-tabs-section-content-h i-cf\"><div class=\"w-iconbox us_custom_9eee4631 iconpos_left style_default color_custom align_left no_title\"><div class=\"w-iconbox-icon\" style=\"font-size:1.4rem;--icon-color:#D9C39A;--icon-bg-color:#D9C39A;\"><i class=\"fal fa-check-circle\"><\/i><\/div><div class=\"w-iconbox-meta\"><div class=\"w-iconbox-text\"><p><strong>Melhor Pre\u00e7o Garantido:<\/strong> Garantir\u00e1 sempre o melhor pre\u00e7o reservando neste site.<\/p>\n<\/div><\/div><\/div><div class=\"w-separator size_custom\" style=\"height:10px\"><\/div><div class=\"w-iconbox us_custom_9eee4631 iconpos_left style_default color_custom align_left no_title\"><div class=\"w-iconbox-icon\" style=\"font-size:1.4rem;--icon-color:#D9C39A;--icon-bg-color:#D9C39A;\"><i class=\"fal fa-usd-circle\"><\/i><\/div><div class=\"w-iconbox-meta\"><div class=\"w-iconbox-text\"><p><strong>Packs e Ofertas Exclusivas:<\/strong> Reserve diretamente e tenha acesso a ofertas exclusivas e tarifas especiais<\/p>\n<\/div><\/div><\/div><div class=\"w-separator size_custom\" style=\"height:10px\"><\/div><div class=\"w-iconbox us_custom_9eee4631 iconpos_left style_default color_custom align_left no_title\"><div class=\"w-iconbox-icon\" style=\"font-size:1.4rem;--icon-color:#D9C39A;--icon-bg-color:#D9C39A;\"><i class=\"fal fa-clock\"><\/i><\/div><div class=\"w-iconbox-meta\"><div class=\"w-iconbox-text\"><p><strong>Maior flexibilidade:<\/strong> Check-in antecipado e check-out tardio gratuitos, sujeito a disponibilidade.<\/p>\n<\/div><\/div><\/div><div class=\"w-separator size_custom\" style=\"height:10px\"><\/div><div class=\"w-iconbox us_custom_9eee4631 iconpos_left style_default color_custom align_left no_title\"><div class=\"w-iconbox-icon\" style=\"font-size:1.4rem;--icon-color:#D9C39A;--icon-bg-color:#D9C39A;\"><i class=\"fal fa-arrow-to-top\"><\/i><\/div><div class=\"w-iconbox-meta\"><div class=\"w-iconbox-text\"><p><strong>Upgrade de Quarto:<\/strong> Reserve diretamente e obtenha um upgrade de quarto gratuito, sujeito a disponibilidade.<\/p>\n<\/div><\/div><\/div><div class=\"w-separator size_custom\" style=\"height:10px\"><\/div><div class=\"w-iconbox us_custom_9eee4631 iconpos_left style_default color_custom align_left no_title\"><div class=\"w-iconbox-icon\" style=\"font-size:1.4rem;--icon-color:#D9C39A;--icon-bg-color:#D9C39A;\"><i class=\"fal fa-utensils\"><\/i><\/div><div class=\"w-iconbox-meta\"><div class=\"w-iconbox-text\"><p><strong>10% de Desconto no Restaurante:<\/strong> Obtenha um desconto de 10% no nosso restaurante durante a sua estadia.<\/p>\n<\/div><\/div><\/div><\/div><\/div><\/div><\/div><\/div><\/div><\/div><\/div><\/div><\/section><section class=\"l-section wpb_row height_medium\"><div class=\"l-section-h i-cf\"><div class=\"g-cols vc_row via_grid cols_1-4-1 laptops-cols_inherit tablets-cols_inherit mobiles-cols_1 valign_top type_default stacking_default\"><div class=\"wpb_column vc_column_container\"><div class=\"vc_column-inner\"><\/div><\/div><div class=\"wpb_column vc_column_container\"><div class=\"vc_column-inner\"><div class=\"wpb_text_column\"><div class=\"wpb_wrapper\"><h1 style=\"text-align: center;\">LISBOA CENTRAL PARK HOTEL<\/h1>\n<\/div><\/div><div class=\"w-separator size_custom\" style=\"height:10px\"><\/div><div class=\"wpb_text_column\"><div class=\"wpb_wrapper\"><p style=\"text-align: center;\">Situado no ponto de encontro entre o Parque Eduardo VII, o Marqu\u00eas de Pombal e a ic\u00f3nica Avenida da Liberdade, o Lisboa Central Park Hotel Suites &amp; Studios \u00e9 um hotel de 3 estrelas com 50 Suites e Studios com vista para a extensa vegeta\u00e7\u00e3o do parque. Localizado na Avenida Sid\u00f3nio Pais, o hotel fica a dois passos da Esta\u00e7\u00e3o de Metro Marqu\u00eas de Pombal.<\/p>\n<\/div><\/div><\/div><\/div><div class=\"wpb_column vc_column_container\"><div class=\"vc_column-inner\"><\/div><\/div><\/div><\/div><\/section><section class=\"l-section wpb_row height_medium width_custom\" style=\"--site-content-width:1280px;\"><div class=\"l-section-h i-cf\"><div class=\"g-cols vc_row via_grid cols_custom laptops-cols_inherit tablets-cols_inherit mobiles-cols_1 valign_top type_default stacking_default\" style=\"--custom-columns:0.5fr 3fr 2fr 0.5fr \"><div class=\"wpb_column vc_column_container\"><div class=\"vc_column-inner\"><\/div><\/div><div class=\"wpb_column vc_column_container\"><div class=\"vc_column-inner\"><div class=\"w-separator size_custom\" style=\"height:10px\"><\/div><div class=\"wpb_text_column\"><div class=\"wpb_wrapper\"><h2><strong>SUITES e STUDIOS<\/strong><\/h2>\n<\/div><\/div><div class=\"w-separator size_custom\" style=\"height:30px\"><\/div><div class=\"w-image us_custom_0140f05a align_none\"><div class=\"w-image-h\"><img decoding=\"async\" width=\"1140\" height=\"1596\" src=\"https:\/\/lcpark.com\/wp-content\/uploads\/2024\/03\/Lisboa-Central-Park-Deluxe-suite-1.webp\" class=\"attachment-full size-full\" alt=\"Lisboa Central Park Hotel Suite &amp; Studios Deluxe Suite\" loading=\"lazy\" srcset=\"https:\/\/lcpark.com\/wp-content\/uploads\/2024\/03\/Lisboa-Central-Park-Deluxe-suite-1.webp 1140w, https:\/\/lcpark.com\/wp-content\/uploads\/2024\/03\/Lisboa-Central-Park-Deluxe-suite-1-214x300.webp 214w, https:\/\/lcpark.com\/wp-content\/uploads\/2024\/03\/Lisboa-Central-Park-Deluxe-suite-1-731x1024.webp 731w\" sizes=\"auto, (max-width: 1140px) 100vw, 1140px\" \/><\/div><\/div><\/div><\/div><div class=\"wpb_column vc_column_container\"><div class=\"vc_column-inner\"><div class=\"w-image us_custom_0140f05a align_none\"><div class=\"w-image-h\"><img decoding=\"async\" width=\"1140\" height=\"1596\" src=\"https:\/\/lcpark.com\/wp-content\/uploads\/2024\/03\/Lisboa-Central-Park-Deluxe-suite-2.webp\" class=\"attachment-full size-full\" alt=\"Lisboa Central Park Hotel Suites &amp; Studios Deluxe Suite Seating Area\" loading=\"lazy\" srcset=\"https:\/\/lcpark.com\/wp-content\/uploads\/2024\/03\/Lisboa-Central-Park-Deluxe-suite-2.webp 1140w, https:\/\/lcpark.com\/wp-content\/uploads\/2024\/03\/Lisboa-Central-Park-Deluxe-suite-2-214x300.webp 214w, https:\/\/lcpark.com\/wp-content\/uploads\/2024\/03\/Lisboa-Central-Park-Deluxe-suite-2-731x1024.webp 731w\" sizes=\"auto, (max-width: 1140px) 100vw, 1140px\" \/><\/div><\/div><div class=\"w-separator size_custom\" style=\"height:80px\" id=\"e474\"><style>@media(max-width:1024px){ #e474{height:40px!important}}@media(max-width:600px){ #e474{height:40px!important}}<\/style><\/div><div class=\"wpb_text_column\"><div class=\"wpb_wrapper\"><p>As nossas Suites e Studios s\u00e3o agradavelmente simples, com tons neutros, cores amenas e soalhos de madeira. Todas as Suites e Studios est\u00e3o virados para o parque e t\u00eam um tamanho generoso com 40 metros quadrados de espa\u00e7o. Descanse e sinta-se verdadeiramente em casa.<\/p>\n<\/div><\/div><div class=\"w-separator size_small\"><\/div><div class=\"w-btn-wrapper align_none\"><a class=\"w-btn us-btn-style_3 SeeMoreButtonStyle SeeMoreButton icon_atright\" href=\"https:\/\/lcpark.com\/pt-pt\/suites-e-studios\/\"><span class=\"w-btn-label\">VER SUITES &amp; STUDIOS<\/span><i class=\"material-icons\">north_east<\/i><\/a><\/div><\/div><\/div><div class=\"wpb_column vc_column_container\"><div class=\"vc_column-inner\"><\/div><\/div><\/div><\/div><\/section><section class=\"l-section wpb_row height_medium\"><div class=\"l-section-h i-cf\"><div class=\"g-cols vc_row via_grid cols_5-7 laptops-cols_inherit tablets-cols_inherit mobiles-cols_1 valign_top type_default stacking_default\" style=\"--columns-gap:0rem;\"><div class=\"wpb_column vc_column_container special-column-inner\"><div class=\"vc_column-inner\"><div class=\"g-cols wpb_row us_custom_afa92309 via_grid cols_1 laptops-cols_inherit tablets-cols_inherit mobiles-cols_1 valign_top type_default stacking_default\" style=\"--columns-gap:0rem;\"><div class=\"wpb_column vc_column_container us_custom_76403429 has_bg_color\"><div class=\"vc_column-inner\"><div class=\"w-separator size_medium\"><\/div><div class=\"wpb_text_column\"><div class=\"wpb_wrapper\"><h2><strong>RESTAURANTE <\/strong><\/h2>\n<\/div><\/div><div class=\"w-separator size_custom\" style=\"height:10px\"><\/div><div class=\"wpb_text_column\"><div class=\"wpb_wrapper\"><p>O Terceiro Sentido Bistr\u00f4 apresenta uma interpreta\u00e7\u00e3o contempor\u00e2nea da cozinha portuguesa num ambiente art\u00edstico e descontra\u00eddo. O pequeno-almo\u00e7o continental \u00e9 servido todos os dias com p\u00e3o acabado de sair do forno, pastelaria, frutas, ovos, granola, iogurte e queijos. Hor\u00e1rio 7:30 \u00e0s 23:00<\/p>\n<\/div><\/div><div class=\"w-separator size_small\"><\/div><div class=\"w-btn-wrapper align_none\"><a class=\"w-btn us-btn-style_3 SeeMoreButtonStyle SeeMoreButton icon_atright\" href=\"https:\/\/lcpark.com\/pt-pt\/restaurante-terceiro-sentido\/\"><span class=\"w-btn-label\">VER RESTAURANTE<\/span><i class=\"material-icons\">north_east<\/i><\/a><\/div><div class=\"w-separator hide_on_tablets hide_on_mobiles size_huge\"><\/div><\/div><\/div><\/div><\/div><\/div><div class=\"wpb_column vc_column_container special-column-inner\"><div class=\"vc_column-inner\"><div class=\"g-cols wpb_row via_grid cols_2 laptops-cols_inherit tablets-cols_inherit mobiles-cols_1 valign_top type_default stacking_default\" style=\"--columns-gap:0rem;\"><div class=\"wpb_column vc_column_container us_custom_afa92309 has_bg_color\"><div class=\"vc_column-inner\"><div class=\"w-separator hide_on_tablets hide_on_mobiles size_small\"><\/div><\/div><\/div><div class=\"wpb_column vc_column_container\"><div class=\"vc_column-inner\"><\/div><\/div><\/div><div class=\"w-image us_custom_0140f05a align_none\"><div class=\"w-image-h\"><img decoding=\"async\" width=\"1920\" height=\"1280\" src=\"https:\/\/lcpark.com\/wp-content\/uploads\/2024\/04\/Hotel-Lisboa-Central-Park-Restaurant-Terceiro-Sentido.webp\" class=\"attachment-full size-full\" alt=\"Lisboa Central Park Hotel Restaurante Terceiro Sentido\" loading=\"lazy\" srcset=\"https:\/\/lcpark.com\/wp-content\/uploads\/2024\/04\/Hotel-Lisboa-Central-Park-Restaurant-Terceiro-Sentido.webp 1920w, https:\/\/lcpark.com\/wp-content\/uploads\/2024\/04\/Hotel-Lisboa-Central-Park-Restaurant-Terceiro-Sentido-300x200.webp 300w, https:\/\/lcpark.com\/wp-content\/uploads\/2024\/04\/Hotel-Lisboa-Central-Park-Restaurant-Terceiro-Sentido-1024x683.webp 1024w\" sizes=\"auto, (max-width: 1920px) 100vw, 1920px\" \/><\/div><\/div><\/div><\/div><\/div><\/div><\/section><section class=\"l-section wpb_row height_medium\"><div class=\"l-section-h i-cf\"><div class=\"g-cols vc_row via_grid cols_7-5 laptops-cols_inherit tablets-cols_inherit mobiles-cols_1 valign_top type_default stacking_default\" style=\"--columns-gap:0rem;\"><div class=\"wpb_column vc_column_container special-column-inner\"><div class=\"vc_column-inner\"><div class=\"g-cols wpb_row via_grid cols_2 laptops-cols_inherit tablets-cols_inherit mobiles-cols_1 valign_top type_default stacking_default\" style=\"--columns-gap:0rem;\"><div class=\"wpb_column vc_column_container\"><div class=\"vc_column-inner\"><\/div><\/div><div class=\"wpb_column vc_column_container us_custom_afa92309 has_bg_color\"><div class=\"vc_column-inner\"><div class=\"w-separator size_small\"><\/div><\/div><\/div><\/div><div class=\"w-image us_custom_0140f05a align_none\"><div class=\"w-image-h\"><img decoding=\"async\" width=\"1920\" height=\"1280\" src=\"https:\/\/lcpark.com\/wp-content\/uploads\/2024\/04\/Lisboa-Central-Park-Suites-Studios-Concierge.webp\" class=\"attachment-full size-full\" alt=\"Lisboa Central Park Hotel Suites &amp; Studios Concierge\" loading=\"lazy\" srcset=\"https:\/\/lcpark.com\/wp-content\/uploads\/2024\/04\/Lisboa-Central-Park-Suites-Studios-Concierge.webp 1920w, https:\/\/lcpark.com\/wp-content\/uploads\/2024\/04\/Lisboa-Central-Park-Suites-Studios-Concierge-300x200.webp 300w, https:\/\/lcpark.com\/wp-content\/uploads\/2024\/04\/Lisboa-Central-Park-Suites-Studios-Concierge-1024x683.webp 1024w\" sizes=\"auto, (max-width: 1920px) 100vw, 1920px\" \/><\/div><\/div><\/div><\/div><div class=\"wpb_column vc_column_container special-column-inner\"><div class=\"vc_column-inner\"><div class=\"g-cols wpb_row us_custom_afa92309 via_grid cols_1 laptops-cols_inherit tablets-cols_inherit mobiles-cols_1 valign_top type_default stacking_default\" style=\"--columns-gap:0rem;\"><div class=\"wpb_column vc_column_container us_custom_76403429 has_bg_color\"><div class=\"vc_column-inner\"><div class=\"w-separator size_medium\"><\/div><div class=\"wpb_text_column\"><div class=\"wpb_wrapper\"><h2><strong>CONCIERGE <\/strong><\/h2>\n<\/div><\/div><div class=\"w-separator size_custom\" style=\"height:10px\"><\/div><div class=\"wpb_text_column\"><div class=\"wpb_wrapper\"><p>O sorriso e o cuidado genu\u00ednos da Margarida far\u00e3o com que se sinta em casa. Permita-nos tirar o m\u00e1ximo partido da sua estadia, organizando transportes, reservando restaurantes ou sugerindo cuidadosamente actividades e locais a visitar. Bem-vindo ao centro de Lisboa.<\/p>\n<\/div><\/div><div class=\"w-separator size_small\"><\/div><div class=\"w-btn-wrapper align_none\"><a class=\"w-btn us-btn-style_3 SeeMoreButtonStyle SeeMoreButton icon_atright\" target=\"_blank\" rel=\"nofollow\" href=\"mailto:info@lcpark.com\"><span class=\"w-btn-label\">CONTACTOS<\/span><i class=\"material-icons\">north_east<\/i><\/a><\/div><div class=\"w-separator size_huge\"><\/div><\/div><\/div><\/div><\/div><\/div><\/div><\/div><\/section><section class=\"l-section wpb_row height_small\"><div class=\"l-section-h i-cf\"><div class=\"g-cols vc_row via_grid cols_1 laptops-cols_inherit tablets-cols_inherit mobiles-cols_1 valign_top type_default stacking_default\"><div class=\"wpb_column vc_column_container\"><div class=\"vc_column-inner\"><div class=\"w-separator size_small\"><\/div><\/div><\/div><\/div><\/div><\/section><section class=\"l-section wpb_row height_small\"><div class=\"l-section-overlay\" style=\"background:#f0ebe4\"><\/div><div class=\"l-section-h i-cf\"><div class=\"g-cols vc_row via_grid cols_5-7 laptops-cols_inherit tablets-cols_inherit mobiles-cols_1 valign_top type_default stacking_default\"><div class=\"wpb_column vc_column_container us_custom_88c9d33c\"><div class=\"vc_column-inner\"><div class=\"w-separator size_medium\"><\/div><div class=\"wpb_text_column\"><div class=\"wpb_wrapper\"><h2>LOCALIZA\u00c7\u00c3O<\/h2>\n<\/div><\/div><div class=\"w-separator size_custom\" style=\"height:10px\"><\/div><div class=\"wpb_text_column\"><div class=\"wpb_wrapper\"><p style=\"text-align: left;\">O Lisbon Central Park Hotel Suites &amp; Studios est\u00e1 localizado no cruzamento do Parque Eduardo VII, do Marqu\u00eas de Pombal e da Avenida da Liberdade, a poucos minutos do centro hist\u00f3rico de Lisboa. O hotel fica a uma curta dist\u00e2ncia a p\u00e9 das lojas da Avenida da Liberdade e da esta\u00e7\u00e3o de metro do Marqu\u00eas de Pombal.<\/p>\n<\/div><\/div><div class=\"w-separator size_small\"><\/div><div class=\"w-btn-wrapper align_none\"><a class=\"w-btn us-btn-style_3 SeeMoreButtonStyle SeeMoreButton icon_atright\" target=\"_blank\" href=\"https:\/\/www.google.com\/maps\/dir\/\/Av.+Sid\u00f3nio+Pais+4,+1050-214+Lisboa,+Portugal\/@38.7272454,-9.1530655,17z\/data=!4m8!4m7!1m0!1m5!1m1!1s0xd1933769e2405d5:0xd87b51e392119d17!2m2!1d-9.1493975!2d38.7280031?entry=ttu\"><span class=\"w-btn-label\">VER GOOLE MAPS<\/span><i class=\"material-icons\">north_east<\/i><\/a><\/div><\/div><\/div><div class=\"wpb_column vc_column_container\"><div class=\"vc_column-inner\"><\/div><\/div><\/div><\/div><\/section><section class=\"l-section wpb_row height_auto width_full\"><div class=\"l-section-overlay\" style=\"background:#F0EBE4\"><\/div><div class=\"l-section-h i-cf\"><div class=\"g-cols vc_row via_grid cols_1 laptops-cols_inherit tablets-cols_inherit mobiles-cols_1 valign_top type_default stacking_default\" style=\"--columns-gap:2rem;\"><div class=\"wpb_column vc_column_container\"><div class=\"vc_column-inner\"><div class=\"w-grid us_carousel us_custom_adf8ae6e has_text_color type_carousel layout_917 preload_style_spinner items_5\" id=\"us_grid_1\" style=\"--items:5;--gap:0.3rem;\"><style>.layout_917 .w-grid-item-h{}.layout_917 .usg_vwrapper_1{padding:0.5rem 1rem 1rem 1rem!important}.layout_917 .usg_post_title_1{text-align:center!important;font-size:0.8rem!important;line-height:1.6!important;margin-bottom:0!important}.layout_917 .usg_post_custom_field_1{text-align:left!important;font-size:0.8rem!important;line-height:1.6!important;margin-bottom:0!important}.layout_917 .usg_post_content_1{text-align:center!important;font-size:0.8rem!important;line-height:1.6!important;margin-bottom:0!important}.layout_917 .usg_post_content_2{color:#666666!important;text-align:center!important;font-size:0.8rem!important;line-height:1.6!important;font-style:italic!important;margin-top:0.2rem!important;margin-bottom:0.2rem!important}<\/style><div class=\"w-grid-list owl-carousel valign_stretch dotstyle_circle navstyle_circle arrows-ver-pos_middle arrows-hor-pos_on_sides_inside arrows-disabled_hide owl-responsive-2000 with_dots with_arrows\" style=\"--transition-duration:300ms;--arrows-size:2rem;--arrows-hor-offset:calc(40px - 0.3rem);--arrows-gap:10px;\">\t<article class=\"w-grid-item post-1675 attachment type-attachment status-inherit hentry\" data-id=\"1675\">\r\n\t\t<div class=\"w-grid-item-h\">\r\n\t\t\t\t\t\t<div class=\"w-post-elm post_image usg_post_image_1 stretched\"><img loading=\"lazy\" decoding=\"async\" width=\"1367\" height=\"2048\" src=\"https:\/\/lcpark.com\/wp-content\/uploads\/2024\/04\/Eduard-VII-Park.webp\" class=\"attachment-full size-full\" alt=\"Parque Eduardo VII in Lisbon\" srcset=\"https:\/\/lcpark.com\/wp-content\/uploads\/2024\/04\/Eduard-VII-Park.webp 1367w, https:\/\/lcpark.com\/wp-content\/uploads\/2024\/04\/Eduard-VII-Park-200x300.webp 200w, https:\/\/lcpark.com\/wp-content\/uploads\/2024\/04\/Eduard-VII-Park-684x1024.webp 684w\" sizes=\"auto, (max-width: 1367px) 100vw, 1367px\" \/><\/div><div class=\"w-vwrapper usg_vwrapper_1 align_center valign_top\"><div class=\"w-post-elm post_content usg_post_content_1\"><p>Parque Eduardo VII<\/p>\n<\/div><div class=\"w-post-elm post_custom_field usg_post_custom_field_1 hide_if_not_first type_text _wp_attachment_image_alt color_link_inherit\"><span class=\"w-post-elm-value\">Parque Eduardo VII in Lisbon<\/span><\/div><div class=\"w-post-elm post_title usg_post_title_1 hide_if_not_first align_center entry-title color_link_inherit\">Parque Eduardo VII<\/div><div class=\"w-post-elm post_content usg_post_content_2 has_text_color\">Do outro lado da rua do Lisboa Central Park<\/div><\/div>\t\t<\/div>\r\n\t\t\t<\/article>\r\n\t<article class=\"w-grid-item post-1674 attachment type-attachment status-inherit hentry\" data-id=\"1674\">\r\n\t\t<div class=\"w-grid-item-h\">\r\n\t\t\t\t\t\t<div class=\"w-post-elm post_image usg_post_image_1 stretched\"><img loading=\"lazy\" decoding=\"async\" width=\"1367\" height=\"2048\" src=\"https:\/\/lcpark.com\/wp-content\/uploads\/2024\/04\/Avenida-da-Liberdade-Shops.webp\" class=\"attachment-full size-full\" alt=\"\" srcset=\"https:\/\/lcpark.com\/wp-content\/uploads\/2024\/04\/Avenida-da-Liberdade-Shops.webp 1367w, https:\/\/lcpark.com\/wp-content\/uploads\/2024\/04\/Avenida-da-Liberdade-Shops-200x300.webp 200w, https:\/\/lcpark.com\/wp-content\/uploads\/2024\/04\/Avenida-da-Liberdade-Shops-684x1024.webp 684w\" sizes=\"auto, (max-width: 1367px) 100vw, 1367px\" \/><\/div><div class=\"w-vwrapper usg_vwrapper_1 align_center valign_top\"><div class=\"w-post-elm post_content usg_post_content_1\"><p>Lojas da Avenida da Liberdade<\/p>\n<\/div><div class=\"w-post-elm post_title usg_post_title_1 hide_if_not_first align_center entry-title color_link_inherit\">Lojas da Avenida da Liberdade<\/div><div class=\"w-post-elm post_content usg_post_content_2 has_text_color\">A 5 minutos a p\u00e9 do Parque Central de Lisboa<\/div><\/div>\t\t<\/div>\r\n\t\t\t<\/article>\r\n\t<article class=\"w-grid-item post-1676 attachment type-attachment status-inherit hentry\" data-id=\"1676\">\r\n\t\t<div class=\"w-grid-item-h\">\r\n\t\t\t\t\t\t<div class=\"w-post-elm post_image usg_post_image_1 stretched\"><img loading=\"lazy\" decoding=\"async\" width=\"1367\" height=\"2048\" src=\"https:\/\/lcpark.com\/wp-content\/uploads\/2024\/04\/Commerce-Square-Terreiro-do-Paco.webp\" class=\"attachment-full size-full\" alt=\"Pra\u00e7a do Com\u00e9rcio, Terreiro do Pa\u00e7o, in Lisbon\" srcset=\"https:\/\/lcpark.com\/wp-content\/uploads\/2024\/04\/Commerce-Square-Terreiro-do-Paco.webp 1367w, https:\/\/lcpark.com\/wp-content\/uploads\/2024\/04\/Commerce-Square-Terreiro-do-Paco-200x300.webp 200w, https:\/\/lcpark.com\/wp-content\/uploads\/2024\/04\/Commerce-Square-Terreiro-do-Paco-684x1024.webp 684w\" sizes=\"auto, (max-width: 1367px) 100vw, 1367px\" \/><\/div><div class=\"w-vwrapper usg_vwrapper_1 align_center valign_top\"><div class=\"w-post-elm post_content usg_post_content_1\"><p>Pra\u00e7a do Com\u00e9rcio<\/p>\n<\/div><div class=\"w-post-elm post_custom_field usg_post_custom_field_1 hide_if_not_first type_text _wp_attachment_image_alt color_link_inherit\"><span class=\"w-post-elm-value\">Pra\u00e7a do Com\u00e9rcio, Terreiro do Pa\u00e7o, in Lisbon<\/span><\/div><div class=\"w-post-elm post_title usg_post_title_1 hide_if_not_first align_center entry-title color_link_inherit\">Pra\u00e7a do Com\u00e9rcio (Terreiro do Pa\u00e7o)<\/div><div class=\"w-post-elm post_content usg_post_content_2 has_text_color\">A menos de 15 minutos do hotel utilizando a esta\u00e7\u00e3o de metro do Marqu\u00eas de Pombal<\/div><\/div>\t\t<\/div>\r\n\t\t\t<\/article>\r\n\t<article class=\"w-grid-item post-1677 attachment type-attachment status-inherit hentry\" data-id=\"1677\">\r\n\t\t<div class=\"w-grid-item-h\">\r\n\t\t\t\t\t\t<div class=\"w-post-elm post_image usg_post_image_1 stretched\"><img loading=\"lazy\" decoding=\"async\" width=\"1367\" height=\"2048\" src=\"https:\/\/lcpark.com\/wp-content\/uploads\/2024\/04\/The-Bica-funicular-Lisbon-old-quarters.webp\" class=\"attachment-full size-full\" alt=\"\" srcset=\"https:\/\/lcpark.com\/wp-content\/uploads\/2024\/04\/The-Bica-funicular-Lisbon-old-quarters.webp 1367w, https:\/\/lcpark.com\/wp-content\/uploads\/2024\/04\/The-Bica-funicular-Lisbon-old-quarters-200x300.webp 200w, https:\/\/lcpark.com\/wp-content\/uploads\/2024\/04\/The-Bica-funicular-Lisbon-old-quarters-684x1024.webp 684w\" sizes=\"auto, (max-width: 1367px) 100vw, 1367px\" \/><\/div><div class=\"w-vwrapper usg_vwrapper_1 align_center valign_top\"><div class=\"w-post-elm post_content usg_post_content_1\"><p>Bairros hist\u00f3ricos de Lisboa<\/p>\n<\/div><div class=\"w-post-elm post_title usg_post_title_1 hide_if_not_first align_center entry-title color_link_inherit\">Elevador da Bica no Bairro Alto<\/div><div class=\"w-post-elm post_content usg_post_content_2 has_text_color\">A menos de 25 minutos do hotel utilizando a esta\u00e7\u00e3o de metro do Marqu\u00eas de Pombal<\/div><\/div>\t\t<\/div>\r\n\t\t\t<\/article>\r\n\t<article class=\"w-grid-item post-1678 attachment type-attachment status-inherit hentry\" data-id=\"1678\">\r\n\t\t<div class=\"w-grid-item-h\">\r\n\t\t\t\t\t\t<div class=\"w-post-elm post_image usg_post_image_1 stretched\"><img loading=\"lazy\" decoding=\"async\" width=\"1367\" height=\"2048\" src=\"https:\/\/lcpark.com\/wp-content\/uploads\/2024\/04\/Santa-Justa-Lift-in-Baixa-Chiado.webp\" class=\"attachment-full size-full\" alt=\"Elevador de Santa Justa na Baixa-Chiado\" srcset=\"https:\/\/lcpark.com\/wp-content\/uploads\/2024\/04\/Santa-Justa-Lift-in-Baixa-Chiado.webp 1367w, https:\/\/lcpark.com\/wp-content\/uploads\/2024\/04\/Santa-Justa-Lift-in-Baixa-Chiado-200x300.webp 200w, https:\/\/lcpark.com\/wp-content\/uploads\/2024\/04\/Santa-Justa-Lift-in-Baixa-Chiado-684x1024.webp 684w\" sizes=\"auto, (max-width: 1367px) 100vw, 1367px\" \/><\/div><div class=\"w-vwrapper usg_vwrapper_1 align_center valign_top\"><div class=\"w-post-elm post_content usg_post_content_1\"><p>Baixa-Chiado<\/p>\n<\/div><div class=\"w-post-elm post_custom_field usg_post_custom_field_1 hide_if_not_first type_text _wp_attachment_image_alt color_link_inherit\"><span class=\"w-post-elm-value\">Elevador de Santa Justa na Baixa-Chiado<\/span><\/div><div class=\"w-post-elm post_title usg_post_title_1 hide_if_not_first align_center entry-title color_link_inherit\">Elevador de Santa Justa na Baixa-Chiado<\/div><div class=\"w-post-elm post_content usg_post_content_2 has_text_color\">A 10 minutos do hotel utilizando a esta\u00e7\u00e3o de metro do Marqu\u00eas de Pombal<\/div><\/div>\t\t<\/div>\r\n\t\t\t<\/article>\r\n\t<article class=\"w-grid-item post-1673 attachment type-attachment status-inherit hentry\" data-id=\"1673\">\r\n\t\t<div class=\"w-grid-item-h\">\r\n\t\t\t\t\t\t<div class=\"w-post-elm post_image usg_post_image_1 stretched\"><img loading=\"lazy\" decoding=\"async\" width=\"1367\" height=\"2048\" src=\"https:\/\/lcpark.com\/wp-content\/uploads\/2024\/04\/Jeronimos-Monastery-UNESCO-World-Heritage-in-Belem-Lisbon.webp\" class=\"attachment-full size-full\" alt=\"Mosteiro dos Jer\u00f3nimos em Bel\u00e9m, Lisboa\" srcset=\"https:\/\/lcpark.com\/wp-content\/uploads\/2024\/04\/Jeronimos-Monastery-UNESCO-World-Heritage-in-Belem-Lisbon.webp 1367w, https:\/\/lcpark.com\/wp-content\/uploads\/2024\/04\/Jeronimos-Monastery-UNESCO-World-Heritage-in-Belem-Lisbon-200x300.webp 200w, https:\/\/lcpark.com\/wp-content\/uploads\/2024\/04\/Jeronimos-Monastery-UNESCO-World-Heritage-in-Belem-Lisbon-684x1024.webp 684w\" sizes=\"auto, (max-width: 1367px) 100vw, 1367px\" \/><\/div><div class=\"w-vwrapper usg_vwrapper_1 align_center valign_top\"><div class=\"w-post-elm post_content usg_post_content_1\"><p>Mosteiro dos Jer\u00f3nimos<\/p>\n<\/div><div class=\"w-post-elm post_custom_field usg_post_custom_field_1 hide_if_not_first type_text _wp_attachment_image_alt color_link_inherit\"><span class=\"w-post-elm-value\">Mosteiro dos Jer\u00f3nimos em Bel\u00e9m, Lisboa<\/span><\/div><div class=\"w-post-elm post_title usg_post_title_1 hide_if_not_first align_center entry-title color_link_inherit\">Mosteiro dos Jer\u00f3nimos em Bel\u00e9m<\/div><div class=\"w-post-elm post_content usg_post_content_2 has_text_color\">A 30 minutos do hotel utilizando a esta\u00e7\u00e3o de metro do Marqu\u00eas de Pombal<\/div><\/div>\t\t<\/div>\r\n\t\t\t<\/article>\r\n\t<article class=\"w-grid-item post-1679 attachment type-attachment status-inherit hentry\" data-id=\"1679\">\r\n\t\t<div class=\"w-grid-item-h\">\r\n\t\t\t\t\t\t<div class=\"w-post-elm post_image usg_post_image_1 stretched\"><img loading=\"lazy\" decoding=\"async\" width=\"1367\" height=\"2048\" src=\"https:\/\/lcpark.com\/wp-content\/uploads\/2024\/04\/Belem-Tower.webp\" class=\"attachment-full size-full\" alt=\"Torre de Bel\u00e9m\" srcset=\"https:\/\/lcpark.com\/wp-content\/uploads\/2024\/04\/Belem-Tower.webp 1367w, https:\/\/lcpark.com\/wp-content\/uploads\/2024\/04\/Belem-Tower-200x300.webp 200w, https:\/\/lcpark.com\/wp-content\/uploads\/2024\/04\/Belem-Tower-684x1024.webp 684w\" sizes=\"auto, (max-width: 1367px) 100vw, 1367px\" \/><\/div><div class=\"w-vwrapper usg_vwrapper_1 align_center valign_top\"><div class=\"w-post-elm post_content usg_post_content_1\"><p>Torre de Bel\u00e9m<\/p>\n<\/div><div class=\"w-post-elm post_custom_field usg_post_custom_field_1 hide_if_not_first type_text _wp_attachment_image_alt color_link_inherit\"><span class=\"w-post-elm-value\">Torre de Bel\u00e9m<\/span><\/div><div class=\"w-post-elm post_title usg_post_title_1 hide_if_not_first align_center entry-title color_link_inherit\">Torre de Bel\u00e9m<\/div><div class=\"w-post-elm post_content usg_post_content_2 has_text_color\">A 45 minutos do hotel utilizando a esta\u00e7\u00e3o de metro do Marqu\u00eas de Pombal<\/div><\/div>\t\t<\/div>\r\n\t\t\t<\/article>\r\n\t<article class=\"w-grid-item post-1680 attachment type-attachment status-inherit hentry\" data-id=\"1680\">\r\n\t\t<div class=\"w-grid-item-h\">\r\n\t\t\t\t\t\t<div class=\"w-post-elm post_image usg_post_image_1 stretched\"><img loading=\"lazy\" decoding=\"async\" width=\"1367\" height=\"2048\" src=\"https:\/\/lcpark.com\/wp-content\/uploads\/2024\/04\/Rua-Augusta-Arch.webp\" class=\"attachment-full size-full\" alt=\"\" srcset=\"https:\/\/lcpark.com\/wp-content\/uploads\/2024\/04\/Rua-Augusta-Arch.webp 1367w, https:\/\/lcpark.com\/wp-content\/uploads\/2024\/04\/Rua-Augusta-Arch-200x300.webp 200w, https:\/\/lcpark.com\/wp-content\/uploads\/2024\/04\/Rua-Augusta-Arch-684x1024.webp 684w\" sizes=\"auto, (max-width: 1367px) 100vw, 1367px\" \/><\/div><div class=\"w-vwrapper usg_vwrapper_1 align_center valign_top\"><div class=\"w-post-elm post_content usg_post_content_1\"><p>Arco da Rua Augusta<\/p>\n<\/div><div class=\"w-post-elm post_title usg_post_title_1 hide_if_not_first align_center entry-title color_link_inherit\">Arco da Rua Augusta<\/div><div class=\"w-post-elm post_content usg_post_content_2 has_text_color\">A menos de 15 minutos do hotel utilizando a esta\u00e7\u00e3o de metro do Marqu\u00eas de Pombal<\/div><\/div>\t\t<\/div>\r\n\t\t\t<\/article>\r\n\t<article class=\"w-grid-item post-1681 attachment type-attachment status-inherit hentry\" data-id=\"1681\">\r\n\t\t<div class=\"w-grid-item-h\">\r\n\t\t\t\t\t\t<div class=\"w-post-elm post_image usg_post_image_1 stretched\"><img loading=\"lazy\" decoding=\"async\" width=\"1367\" height=\"2048\" src=\"https:\/\/lcpark.com\/wp-content\/uploads\/2024\/04\/Eduard-VII-Park-Promenade.webp\" class=\"attachment-full size-full\" alt=\"Parque Eduardo VII Promenade\" srcset=\"https:\/\/lcpark.com\/wp-content\/uploads\/2024\/04\/Eduard-VII-Park-Promenade.webp 1367w, https:\/\/lcpark.com\/wp-content\/uploads\/2024\/04\/Eduard-VII-Park-Promenade-200x300.webp 200w, https:\/\/lcpark.com\/wp-content\/uploads\/2024\/04\/Eduard-VII-Park-Promenade-684x1024.webp 684w\" sizes=\"auto, (max-width: 1367px) 100vw, 1367px\" \/><\/div><div class=\"w-vwrapper usg_vwrapper_1 align_center valign_top\"><div class=\"w-post-elm post_content usg_post_content_1\"><p>Passeio do Parque Eduardo VII<\/p>\n<\/div><div class=\"w-post-elm post_custom_field usg_post_custom_field_1 hide_if_not_first type_text _wp_attachment_image_alt color_link_inherit\"><span class=\"w-post-elm-value\">Parque Eduardo VII Promenade<\/span><\/div><div class=\"w-post-elm post_title usg_post_title_1 hide_if_not_first align_center entry-title color_link_inherit\">Passeio do Parque Eduardo VII<\/div><div class=\"w-post-elm post_content usg_post_content_2 has_text_color\">Do outro lado da rua do Lisboa Central Park<\/div><\/div>\t\t<\/div>\r\n\t\t\t<\/article>\r\n<\/div><div class=\"w-grid-carousel-json hidden\" onclick='return {&quot;carousel_settings&quot;:{&quot;aria_labels&quot;:{&quot;prev&quot;:&quot;Anterior&quot;,&quot;next&quot;:&quot;Seguinte&quot;},&quot;autoplayContinual&quot;:false,&quot;autoplayHoverPause&quot;:false,&quot;autoplayTimeout&quot;:3000,&quot;autoWidth&quot;:false,&quot;smartSpeed&quot;:300,&quot;margin&quot;:0,&quot;mouseDrag&quot;:true,&quot;rtl&quot;:false,&quot;slideBy&quot;:&quot;1&quot;,&quot;touchDrag&quot;:true,&quot;slideTransition&quot;:&quot;&quot;,&quot;responsive&quot;:{&quot;0&quot;:{&quot;autoHeight&quot;:false,&quot;autoplay&quot;:true,&quot;autoWidth&quot;:false,&quot;center&quot;:false,&quot;dots&quot;:true,&quot;items&quot;:2,&quot;loop&quot;:true,&quot;nav&quot;:false,&quot;stagePadding&quot;:0,&quot;slideBy&quot;:&quot;1&quot;},&quot;601&quot;:{&quot;autoHeight&quot;:false,&quot;autoplay&quot;:true,&quot;autoWidth&quot;:false,&quot;center&quot;:false,&quot;dots&quot;:true,&quot;items&quot;:3,&quot;loop&quot;:true,&quot;nav&quot;:true,&quot;stagePadding&quot;:20,&quot;slideBy&quot;:&quot;1&quot;},&quot;1025&quot;:{&quot;autoHeight&quot;:false,&quot;autoplay&quot;:false,&quot;autoWidth&quot;:false,&quot;center&quot;:false,&quot;dots&quot;:true,&quot;items&quot;:4,&quot;loop&quot;:true,&quot;nav&quot;:true,&quot;stagePadding&quot;:20,&quot;slideBy&quot;:&quot;1&quot;},&quot;1381&quot;:{&quot;items&quot;:5,&quot;autoplay&quot;:false,&quot;center&quot;:false,&quot;dots&quot;:true,&quot;nav&quot;:true,&quot;autoHeight&quot;:false,&quot;autoWidth&quot;:false,&quot;loop&quot;:true,&quot;stagePadding&quot;:0}}}}'><\/div><\/div><div class=\"w-separator size_medium\"><\/div><\/div><\/div><\/div><\/div><\/section><section class=\"l-section wpb_row height_medium\"><div class=\"l-section-h i-cf\"><div class=\"g-cols vc_row via_grid cols_1-4-1 laptops-cols_inherit tablets-cols_inherit mobiles-cols_1 valign_top type_default stacking_default\"><div class=\"wpb_column vc_column_container\"><div class=\"vc_column-inner\"><\/div><\/div><div class=\"wpb_column vc_column_container\"><div class=\"vc_column-inner\"><div class=\"w-separator size_medium\"><\/div><div class=\"wpb_text_column\"><div class=\"wpb_wrapper\"><h2 style=\"text-align: center;\">APROVEITE AS NOSSAS OFERTAS ESPECIAIS<\/h2>\n<\/div><\/div><div class=\"w-separator size_custom\" style=\"height:10px\"><\/div><div class=\"wpb_text_column\"><div class=\"wpb_wrapper\"><p style=\"text-align: center;\">Reunimos as nossas ofertas especiais para que possa experimentar o melhor do nosso servi\u00e7o. Aproveite as nossas ofertas de pacotes, acess\u00edveis exclusivamente atrav\u00e9s de reservas efectuadas no nosso website.<\/p>\n<\/div><\/div><div class=\"w-separator size_small\"><\/div><div class=\"w-btn-wrapper align_center\"><a class=\"w-btn us-btn-style_3 SeeMoreButtonStyle SeeMoreButton icon_atright\" href=\"https:\/\/lcpark.com\/pt-pt\/ofertas-especiais\/\"><span class=\"w-btn-label\">EXPLORE OFERTAS ESPECIAIS<\/span><i class=\"material-icons\">north_east<\/i><\/a><\/div><\/div><\/div><div class=\"wpb_column vc_column_container\"><div class=\"vc_column-inner\"><\/div><\/div><\/div><\/div><\/section><section class=\"l-section wpb_row height_auto\"><div class=\"l-section-h i-cf\"><div class=\"g-cols vc_row via_grid cols_3 laptops-cols_inherit tablets-cols_inherit mobiles-cols_1 valign_top type_default stacking_default\" style=\"--columns-gap:2rem;\"><div class=\"wpb_column vc_column_container\"><div class=\"vc_column-inner\">[vc_single_image image=&#8221;1687&#8243; img_size=&#8221;full&#8221; css=&#8221;&#8221;]<div class=\"w-separator size_custom\" style=\"height:30px\"><\/div><div class=\"wpb_text_column\"><div class=\"wpb_wrapper\"><h3><strong>POUPE 15% COM 5 OU MAIS NOITES<\/strong><\/h3>\n<\/div><\/div><div class=\"w-separator size_custom\" style=\"height:10px\"><\/div><div class=\"wpb_text_column\"><div class=\"wpb_wrapper\"><p>Fique mais tempo e poupe. Fica por quatro noites consecutivas ou mais e obt\u00e9m 15% de desconto na tarifa normal.<\/p>\n<\/div><\/div><div class=\"w-separator size_small\"><\/div><div class=\"w-btn-wrapper align_none\"><a class=\"w-btn us-btn-style_3 SeeMoreButtonStyle SeeMoreButton icon_atright\" href=\"https:\/\/lcpark.com\/pt-pt\/ofertas-especiais\/estadias-prolongadas\/\"><span class=\"w-btn-label\">SAIBA MAIS<\/span><i class=\"material-icons\">north_east<\/i><\/a><\/div><div class=\"w-separator size_small\"><\/div><\/div><\/div><div class=\"wpb_column vc_column_container\"><div class=\"vc_column-inner\">[vc_single_image image=&#8221;1686&#8243; img_size=&#8221;full&#8221; alignment=&#8221;center&#8221;]<div class=\"w-separator size_custom\" style=\"height:30px\"><\/div><div class=\"wpb_text_column\"><div class=\"wpb_wrapper\"><h3><strong>PEQUENO-ALMO\u00c7O INCLUIDO<\/strong><\/h3>\n<\/div><\/div><div class=\"w-separator size_custom\" style=\"height:10px\"><\/div><div class=\"wpb_text_column\"><div class=\"wpb_wrapper\"><p>Independentemente do que estiver na agenda do dia, comece com o pequeno-almo\u00e7o perfeito.<\/p>\n<\/div><\/div><div class=\"w-separator size_small\"><\/div><div class=\"w-btn-wrapper align_none\"><a class=\"w-btn us-btn-style_3 SeeMoreButtonStyle SeeMoreButton icon_atright\" href=\"https:\/\/lcpark.com\/pt-pt\/ofertas-especiais\/special-offer-breakfast-included\/\"><span class=\"w-btn-label\">SAIBA MAIS<\/span><i class=\"material-icons\">north_east<\/i><\/a><\/div><div class=\"w-separator size_small\"><\/div><\/div><\/div><div class=\"wpb_column vc_column_container\"><div class=\"vc_column-inner\">[vc_single_image image=&#8221;1694&#8243; img_size=&#8221;full&#8221; css=&#8221;&#8221;]<div class=\"w-separator size_custom\" style=\"height:30px\"><\/div><div class=\"wpb_text_column\"><div class=\"wpb_wrapper\"><h3><strong>MELHOR TARIFA<\/strong><\/h3>\n<\/div><\/div><div class=\"w-separator size_custom\" style=\"height:10px\"><\/div><div class=\"wpb_text_column\"><div class=\"wpb_wrapper\"><p>A melhor tarifa de quarto dispon\u00edvel e a m\u00e1xima flexibilidade s\u00e3o garantidas ao reservar diretamente no nosso website.<\/p>\n<\/div><\/div><div class=\"w-separator size_small\"><\/div><div class=\"w-btn-wrapper align_none\"><a class=\"w-btn us-btn-style_3 SeeMoreButtonStyle SeeMoreButton icon_atright\" href=\"https:\/\/lcpark.com\/pt-pt\/ofertas-especiais\/oferta-melhor-tarifa\/\"><span class=\"w-btn-label\">SAIBA MAIS<\/span><i class=\"material-icons\">north_east<\/i><\/a><\/div><div class=\"w-separator size_small\"><\/div><\/div><\/div><\/div><\/div><\/section><section class=\"l-section wpb_row height_medium\"><div class=\"l-section-h i-cf\"><div class=\"g-cols vc_row via_grid cols_1-4-1 laptops-cols_inherit tablets-cols_inherit mobiles-cols_1 valign_top type_default stacking_default\"><div class=\"wpb_column vc_column_container\"><div class=\"vc_column-inner\"><\/div><\/div><div class=\"wpb_column vc_column_container\"><div class=\"vc_column-inner\"><div class=\"w-separator size_medium\"><\/div><div class=\"wpb_text_column\"><div class=\"wpb_wrapper\"><h2 style=\"text-align: center;\">VANTAGENS EXCLUSIVAS POR RESERVAR AQUI<\/h2>\n<\/div><\/div><div class=\"w-separator size_custom\" style=\"height:10px\"><\/div><div class=\"wpb_text_column\"><div class=\"wpb_wrapper\"><p style=\"text-align: center;\">Ao reservar diretamente connosco, obter\u00e1 sempre o pre\u00e7o mais baixo online e vantagens exclusivas. Veja todas as raz\u00f5es pelas quais \u00e9 melhor reservar diretamente.<\/p>\n<\/div><\/div><div class=\"w-separator size_small\"><\/div><div class=\"w-btn-wrapper align_center\"><a class=\"w-btn us-btn-style_3 SeeMoreButtonStyle SeeMoreButton icon_atright\" href=\"https:\/\/lcpark.com\/pt-pt\/vantagens-de-reservar-directamente-aqui\/\"><span class=\"w-btn-label\">SAIBA MAIS<\/span><i class=\"material-icons\">north_east<\/i><\/a><\/div><\/div><\/div><div class=\"wpb_column vc_column_container\"><div class=\"vc_column-inner\"><\/div><\/div><\/div><\/div><\/section><section class=\"l-section wpb_row height_auto\"><div class=\"l-section-h i-cf\"><div class=\"g-cols vc_row via_grid cols_5 laptops-cols_inherit tablets-cols_inherit mobiles-cols_1 valign_top type_default\" style=\"--columns-gap:1rem;\"><div class=\"wpb_column vc_column_container\"><div class=\"vc_column-inner\"><div class=\"w-iconbox iconpos_top style_default color_custom align_center\"><div class=\"w-iconbox-icon\" style=\"font-size:2rem;--icon-color:#142623;--icon-bg-color:#142623;\"><i class=\"fal fa-check-circle\"><\/i><\/div><div class=\"w-iconbox-meta\"><h3 class=\"w-iconbox-title\">Melhor Pre\u00e7o Garantido<\/h3><div class=\"w-iconbox-text\"><p>Ao reservar diretamente no nosso website garantimos que obter\u00e1 sempre o pre\u00e7o mais baixo online.<\/p>\n<\/div><\/div><\/div><\/div><\/div><div class=\"wpb_column vc_column_container\"><div class=\"vc_column-inner\"><div class=\"w-iconbox iconpos_top style_default color_custom align_center\"><div class=\"w-iconbox-icon\" style=\"font-size:2rem;--icon-color:#142623;--icon-bg-color:#142623;\"><i class=\"fal fa-usd-circle\"><\/i><\/div><div class=\"w-iconbox-meta\"><h3 class=\"w-iconbox-title\">Packs e Ofertas Exclusivas<\/h3><div class=\"w-iconbox-text\"><p>Aproveite as poupan\u00e7as especiais e as ofertas exclusivas.<\/p>\n<\/div><\/div><\/div><\/div><\/div><div class=\"wpb_column vc_column_container\"><div class=\"vc_column-inner\"><div class=\"w-iconbox iconpos_top style_default color_custom align_center\"><div class=\"w-iconbox-icon\" style=\"font-size:2rem;--icon-color:#142623;--icon-bg-color:#142623;\"><i class=\"fal fa-clock\"><\/i><\/div><div class=\"w-iconbox-meta\"><h3 class=\"w-iconbox-title\">Maior flexibilidade<\/h3><div class=\"w-iconbox-text\"><p>Check-in antecipado e check-out tardio gratuitos, sujeito a disponibilidade.<\/p>\n<\/div><\/div><\/div><\/div><\/div><div class=\"wpb_column vc_column_container\"><div class=\"vc_column-inner\"><div class=\"w-iconbox iconpos_top style_default color_custom align_center\"><div class=\"w-iconbox-icon\" style=\"font-size:2rem;--icon-color:#142623;--icon-bg-color:#142623;\"><i class=\"fal fa-arrow-to-top\"><\/i><\/div><div class=\"w-iconbox-meta\"><h3 class=\"w-iconbox-title\">Upgrade de Quarto<\/h3><div class=\"w-iconbox-text\"><p>Reserve diretamente e obtenha um upgrade de quarto gratuito, sujeito a disponibilidade.<\/p>\n<\/div><\/div><\/div><\/div><\/div><div class=\"wpb_column vc_column_container\"><div class=\"vc_column-inner\"><div class=\"w-iconbox iconpos_top style_default color_custom align_center\"><div class=\"w-iconbox-icon\" style=\"font-size:2rem;--icon-color:#142623;--icon-bg-color:#142623;\"><i class=\"fal fa-utensils\"><\/i><\/div><div class=\"w-iconbox-meta\"><h3 class=\"w-iconbox-title\">10% de Desconto no Restaurante<\/h3><div class=\"w-iconbox-text\"><p>Obtenha um desconto de 10% no nosso restaurante durante a sua estadia.<\/p>\n<\/div><\/div><\/div><\/div><\/div><\/div><\/div><\/section><section class=\"l-section wpb_row height_small\"><div class=\"l-section-h i-cf\"><div class=\"g-cols vc_row via_grid cols_1 laptops-cols_inherit tablets-cols_inherit mobiles-cols_1 valign_top type_default stacking_default\"><div class=\"wpb_column vc_column_container\"><div class=\"vc_column-inner\"><div class=\"w-separator size_small\"><\/div><\/div><\/div><\/div><\/div><\/section>\n","protected":false},"excerpt":{"rendered":"Do outro lado da rua do Lisboa Central Park","protected":false},"author":1,"featured_media":1628,"parent":0,"menu_order":0,"comment_status":"closed","ping_status":"open","template":"","meta":{"footnotes":""},"class_list":["post-1846","page","type-page","status-publish","has-post-thumbnail","hentry"],"yoast_head":"<!-- This site is optimized with the Yoast SEO plugin v27.4 - https:\/\/yoast.com\/product\/yoast-seo-wordpress\/ -->\n<title>Lisboa Central Park Hotel Suites &amp; Studios | Reserve Directamente e Poupe<\/title>\n<meta name=\"description\" content=\"Explore o Lisboa Central Park Hotel Suites &amp; Studios, convenientemente localizado entre o Parque Eduardo VII e a Avenida da Liberdade, perto do Marqu\u00eas de Pombal.\" \/>\n<meta name=\"robots\" content=\"index, follow, max-snippet:-1, max-image-preview:large, max-video-preview:-1\" \/>\n<link rel=\"canonical\" href=\"https:\/\/lcpark.com\/pt-pt\/\" \/>\n<meta property=\"og:locale\" content=\"pt_PT\" \/>\n<meta property=\"og:type\" content=\"article\" \/>\n<meta property=\"og:title\" content=\"Lisboa Central Park Hotel Suites &amp; Studios | Reserve Directamente e Poupe\" \/>\n<meta property=\"og:description\" content=\"Explore o Lisboa Central Park Hotel Suites &amp; Studios, convenientemente localizado entre o Parque Eduardo VII e a Avenida da Liberdade, perto do Marqu\u00eas de Pombal.\" \/>\n<meta property=\"og:url\" content=\"https:\/\/lcpark.com\/pt-pt\/\" \/>\n<meta property=\"og:site_name\" content=\"Lisboa Central Park Hotel Suites &amp; Studios, Lisbon Portugal\" \/>\n<meta property=\"article:publisher\" content=\"https:\/\/www.facebook.com\/people\/Lisboa-Central-Park-Hotel\/100057055796565\/\" \/>\n<meta property=\"article:modified_time\" content=\"2025-03-20T19:05:08+00:00\" \/>\n<meta property=\"og:image\" content=\"https:\/\/lcpark.com\/wp-content\/uploads\/2024\/03\/Lisboa-Central-Park-Deluxe-suite-3.webp\" \/>\n\t<meta property=\"og:image:width\" content=\"1920\" \/>\n\t<meta property=\"og:image:height\" content=\"1280\" \/>\n\t<meta property=\"og:image:type\" content=\"image\/webp\" \/>\n<meta name=\"twitter:card\" content=\"summary_large_image\" \/>\n<meta name=\"twitter:label1\" content=\"Tempo estimado de leitura\" \/>\n\t<meta name=\"twitter:data1\" content=\"5 minutos\" \/>\n<script type=\"application\/ld+json\" class=\"yoast-schema-graph\">{\"@context\":\"https:\\\/\\\/schema.org\",\"@graph\":[{\"@type\":\"WebPage\",\"@id\":\"https:\\\/\\\/lcpark.com\\\/pt-pt\\\/\",\"url\":\"https:\\\/\\\/lcpark.com\\\/pt-pt\\\/\",\"name\":\"Lisboa Central Park Hotel Suites & Studios | Reserve Directamente e Poupe\",\"isPartOf\":{\"@id\":\"https:\\\/\\\/lcpark.com\\\/pt-pt\\\/#website\"},\"primaryImageOfPage\":{\"@id\":\"https:\\\/\\\/lcpark.com\\\/pt-pt\\\/#primaryimage\"},\"image\":{\"@id\":\"https:\\\/\\\/lcpark.com\\\/pt-pt\\\/#primaryimage\"},\"thumbnailUrl\":\"https:\\\/\\\/lcpark.com\\\/wp-content\\\/uploads\\\/2024\\\/03\\\/Lisboa-Central-Park-Deluxe-suite-3.webp\",\"datePublished\":\"2023-10-24T11:54:42+00:00\",\"dateModified\":\"2025-03-20T19:05:08+00:00\",\"description\":\"Explore o Lisboa Central Park Hotel Suites & Studios, convenientemente localizado entre o Parque Eduardo VII e a Avenida da Liberdade, perto do Marqu\u00eas de Pombal.\",\"breadcrumb\":{\"@id\":\"https:\\\/\\\/lcpark.com\\\/pt-pt\\\/#breadcrumb\"},\"inLanguage\":\"pt-PT\",\"potentialAction\":[{\"@type\":\"ReadAction\",\"target\":[\"https:\\\/\\\/lcpark.com\\\/pt-pt\\\/\"]}]},{\"@type\":\"ImageObject\",\"inLanguage\":\"pt-PT\",\"@id\":\"https:\\\/\\\/lcpark.com\\\/pt-pt\\\/#primaryimage\",\"url\":\"https:\\\/\\\/lcpark.com\\\/wp-content\\\/uploads\\\/2024\\\/03\\\/Lisboa-Central-Park-Deluxe-suite-3.webp\",\"contentUrl\":\"https:\\\/\\\/lcpark.com\\\/wp-content\\\/uploads\\\/2024\\\/03\\\/Lisboa-Central-Park-Deluxe-suite-3.webp\",\"width\":1920,\"height\":1280,\"caption\":\"Lisboa Central Park Hotel Suites & Studios Deluxe Suite\"},{\"@type\":\"BreadcrumbList\",\"@id\":\"https:\\\/\\\/lcpark.com\\\/pt-pt\\\/#breadcrumb\",\"itemListElement\":[{\"@type\":\"ListItem\",\"position\":1,\"name\":\"Home\",\"item\":\"https:\\\/\\\/lcpark.com\\\/pt-pt\\\/\"},{\"@type\":\"ListItem\",\"position\":2,\"name\":\"Lisboa Central Park Hotel Suites &amp; Studios\"}]},{\"@type\":\"WebSite\",\"@id\":\"https:\\\/\\\/lcpark.com\\\/pt-pt\\\/#website\",\"url\":\"https:\\\/\\\/lcpark.com\\\/pt-pt\\\/\",\"name\":\"Lisbon Central Park Hotel Suites & Studios\",\"description\":\"Lisbon Central Park - Staging website description\",\"publisher\":{\"@id\":\"https:\\\/\\\/lcpark.com\\\/pt-pt\\\/#organization\"},\"potentialAction\":[{\"@type\":\"SearchAction\",\"target\":{\"@type\":\"EntryPoint\",\"urlTemplate\":\"https:\\\/\\\/lcpark.com\\\/pt-pt\\\/?s={search_term_string}\"},\"query-input\":{\"@type\":\"PropertyValueSpecification\",\"valueRequired\":true,\"valueName\":\"search_term_string\"}}],\"inLanguage\":\"pt-PT\"},{\"@type\":\"Organization\",\"@id\":\"https:\\\/\\\/lcpark.com\\\/pt-pt\\\/#organization\",\"name\":\"Lisbon Central Park Hotel Suites & Studios\",\"alternateName\":\"Lisbon Central Park Hotel\",\"url\":\"https:\\\/\\\/lcpark.com\\\/pt-pt\\\/\",\"logo\":{\"@type\":\"ImageObject\",\"inLanguage\":\"pt-PT\",\"@id\":\"https:\\\/\\\/lcpark.com\\\/pt-pt\\\/#\\\/schema\\\/logo\\\/image\\\/\",\"url\":\"https:\\\/\\\/lcpark.com\\\/wp-content\\\/uploads\\\/2024\\\/04\\\/Lisboa-Central-Park-Favicon-Logo-Circle-Transparent.webp\",\"contentUrl\":\"https:\\\/\\\/lcpark.com\\\/wp-content\\\/uploads\\\/2024\\\/04\\\/Lisboa-Central-Park-Favicon-Logo-Circle-Transparent.webp\",\"width\":834,\"height\":834,\"caption\":\"Lisbon Central Park Hotel Suites & Studios\"},\"image\":{\"@id\":\"https:\\\/\\\/lcpark.com\\\/pt-pt\\\/#\\\/schema\\\/logo\\\/image\\\/\"},\"sameAs\":[\"https:\\\/\\\/www.facebook.com\\\/people\\\/Lisboa-Central-Park-Hotel\\\/100057055796565\\\/\",\"https:\\\/\\\/www.instagram.com\\\/lisboacentralpark\\\/\"]}]}<\/script>\n<!-- \/ Yoast SEO plugin. -->","yoast_head_json":{"title":"Lisboa Central Park Hotel Suites & Studios | Reserve Directamente e Poupe","description":"Explore o Lisboa Central Park Hotel Suites & Studios, convenientemente localizado entre o Parque Eduardo VII e a Avenida da Liberdade, perto do Marqu\u00eas de Pombal.","robots":{"index":"index","follow":"follow","max-snippet":"max-snippet:-1","max-image-preview":"max-image-preview:large","max-video-preview":"max-video-preview:-1"},"canonical":"https:\/\/lcpark.com\/pt-pt\/","og_locale":"pt_PT","og_type":"article","og_title":"Lisboa Central Park Hotel Suites & Studios | Reserve Directamente e Poupe","og_description":"Explore o Lisboa Central Park Hotel Suites & Studios, convenientemente localizado entre o Parque Eduardo VII e a Avenida da Liberdade, perto do Marqu\u00eas de Pombal.","og_url":"https:\/\/lcpark.com\/pt-pt\/","og_site_name":"Lisboa Central Park Hotel Suites &amp; Studios, Lisbon Portugal","article_publisher":"https:\/\/www.facebook.com\/people\/Lisboa-Central-Park-Hotel\/100057055796565\/","article_modified_time":"2025-03-20T19:05:08+00:00","og_image":[{"width":1920,"height":1280,"url":"https:\/\/lcpark.com\/wp-content\/uploads\/2024\/03\/Lisboa-Central-Park-Deluxe-suite-3.webp","type":"image\/webp"}],"twitter_card":"summary_large_image","twitter_misc":{"Tempo estimado de leitura":"5 minutos"},"schema":{"@context":"https:\/\/schema.org","@graph":[{"@type":"WebPage","@id":"https:\/\/lcpark.com\/pt-pt\/","url":"https:\/\/lcpark.com\/pt-pt\/","name":"Lisboa Central Park Hotel Suites & Studios | Reserve Directamente e Poupe","isPartOf":{"@id":"https:\/\/lcpark.com\/pt-pt\/#website"},"primaryImageOfPage":{"@id":"https:\/\/lcpark.com\/pt-pt\/#primaryimage"},"image":{"@id":"https:\/\/lcpark.com\/pt-pt\/#primaryimage"},"thumbnailUrl":"https:\/\/lcpark.com\/wp-content\/uploads\/2024\/03\/Lisboa-Central-Park-Deluxe-suite-3.webp","datePublished":"2023-10-24T11:54:42+00:00","dateModified":"2025-03-20T19:05:08+00:00","description":"Explore o Lisboa Central Park Hotel Suites & Studios, convenientemente localizado entre o Parque Eduardo VII e a Avenida da Liberdade, perto do Marqu\u00eas de Pombal.","breadcrumb":{"@id":"https:\/\/lcpark.com\/pt-pt\/#breadcrumb"},"inLanguage":"pt-PT","potentialAction":[{"@type":"ReadAction","target":["https:\/\/lcpark.com\/pt-pt\/"]}]},{"@type":"ImageObject","inLanguage":"pt-PT","@id":"https:\/\/lcpark.com\/pt-pt\/#primaryimage","url":"https:\/\/lcpark.com\/wp-content\/uploads\/2024\/03\/Lisboa-Central-Park-Deluxe-suite-3.webp","contentUrl":"https:\/\/lcpark.com\/wp-content\/uploads\/2024\/03\/Lisboa-Central-Park-Deluxe-suite-3.webp","width":1920,"height":1280,"caption":"Lisboa Central Park Hotel Suites & Studios Deluxe Suite"},{"@type":"BreadcrumbList","@id":"https:\/\/lcpark.com\/pt-pt\/#breadcrumb","itemListElement":[{"@type":"ListItem","position":1,"name":"Home","item":"https:\/\/lcpark.com\/pt-pt\/"},{"@type":"ListItem","position":2,"name":"Lisboa Central Park Hotel Suites &amp; Studios"}]},{"@type":"WebSite","@id":"https:\/\/lcpark.com\/pt-pt\/#website","url":"https:\/\/lcpark.com\/pt-pt\/","name":"Lisbon Central Park Hotel Suites & Studios","description":"Lisbon Central Park - Staging website description","publisher":{"@id":"https:\/\/lcpark.com\/pt-pt\/#organization"},"potentialAction":[{"@type":"SearchAction","target":{"@type":"EntryPoint","urlTemplate":"https:\/\/lcpark.com\/pt-pt\/?s={search_term_string}"},"query-input":{"@type":"PropertyValueSpecification","valueRequired":true,"valueName":"search_term_string"}}],"inLanguage":"pt-PT"},{"@type":"Organization","@id":"https:\/\/lcpark.com\/pt-pt\/#organization","name":"Lisbon Central Park Hotel Suites & Studios","alternateName":"Lisbon Central Park Hotel","url":"https:\/\/lcpark.com\/pt-pt\/","logo":{"@type":"ImageObject","inLanguage":"pt-PT","@id":"https:\/\/lcpark.com\/pt-pt\/#\/schema\/logo\/image\/","url":"https:\/\/lcpark.com\/wp-content\/uploads\/2024\/04\/Lisboa-Central-Park-Favicon-Logo-Circle-Transparent.webp","contentUrl":"https:\/\/lcpark.com\/wp-content\/uploads\/2024\/04\/Lisboa-Central-Park-Favicon-Logo-Circle-Transparent.webp","width":834,"height":834,"caption":"Lisbon Central Park Hotel Suites & Studios"},"image":{"@id":"https:\/\/lcpark.com\/pt-pt\/#\/schema\/logo\/image\/"},"sameAs":["https:\/\/www.facebook.com\/people\/Lisboa-Central-Park-Hotel\/100057055796565\/","https:\/\/www.instagram.com\/lisboacentralpark\/"]}]}},"_links":{"self":[{"href":"https:\/\/lcpark.com\/pt-pt\/wp-json\/wp\/v2\/pages\/1846","targetHints":{"allow":["GET"]}}],"collection":[{"href":"https:\/\/lcpark.com\/pt-pt\/wp-json\/wp\/v2\/pages"}],"about":[{"href":"https:\/\/lcpark.com\/pt-pt\/wp-json\/wp\/v2\/types\/page"}],"author":[{"embeddable":true,"href":"https:\/\/lcpark.com\/pt-pt\/wp-json\/wp\/v2\/users\/1"}],"replies":[{"embeddable":true,"href":"https:\/\/lcpark.com\/pt-pt\/wp-json\/wp\/v2\/comments?post=1846"}],"version-history":[{"count":47,"href":"https:\/\/lcpark.com\/pt-pt\/wp-json\/wp\/v2\/pages\/1846\/revisions"}],"predecessor-version":[{"id":2466,"href":"https:\/\/lcpark.com\/pt-pt\/wp-json\/wp\/v2\/pages\/1846\/revisions\/2466"}],"wp:featuredmedia":[{"embeddable":true,"href":"https:\/\/lcpark.com\/pt-pt\/wp-json\/wp\/v2\/media\/1628"}],"wp:attachment":[{"href":"https:\/\/lcpark.com\/pt-pt\/wp-json\/wp\/v2\/media?parent=1846"}],"curies":[{"name":"wp","href":"https:\/\/api.w.org\/{rel}","templated":true}]}}